{"id":67556,"date":"2026-07-27T08:57:26","date_gmt":"2026-07-27T13:57:26","guid":{"rendered":"https:\/\/universomola.com\/?page_id=67556"},"modified":"2026-07-27T09:29:14","modified_gmt":"2026-07-27T14:29:14","slug":"tejiendo-saberes","status":"publish","type":"page","link":"https:\/\/universomola.com\/en\/tejiendo-saberes\/","title":{"rendered":"Tejiendo Saberes"},"content":{"rendered":"<div id=\"fws_6a9d558048aa6\"  data-column-margin=\"custom\" data-midnight=\"dark\" data-bottom-percent=\"4%\"  class=\"wpb_row vc_row-fluid vc_row full-width-section  top_padding_tablet_15px\"  style=\"padding-top: 0px; padding-bottom: calc(100vw * 0.04); \"><div class=\"row-bg-wrap\" data-bg-animation=\"none\" data-bg-animation-delay=\"\" data-bg-overlay=\"false\"><div class=\"inner-wrap row-bg-layer\" ><div class=\"row-bg viewport-desktop\"  style=\"\"><\/div><\/div><\/div><div class=\"row_col_wrap_12 col span_12 dark left\">\n\t<div  class=\"vc_col-sm-12 wpb_column column_container vc_column_container col el_spacing_0px flex_gap_desktop_10px\"  data-padding-pos=\"all\" data-has-bg-color=\"false\" data-bg-color=\"\" data-bg-opacity=\"1\" data-animation=\"\" data-delay=\"0\" >\n\t\t<div class=\"vc_column-inner\" >\n\t\t\t<div class=\"wpb_wrapper\">\n\t\t\t\t<div class=\"nectar-responsive-text font_size_desktop_190px font_size_tablet_85px font_size_phone_90px font_line_height_1px nectar-link-underline-effect\" style=\"color: #F4A317;\"><h1><strong>Tejiendo Saberes<\/strong><\/h1>\n<\/div><div class='nectar-post-grid-wrap text-color-dark additional-meta-size-small spacing-15px' data-el-settings='{\"post_type\":\"post\",\"pagination\":\"none\",\"image_size\":\"large\",\"parallax_scrolling\":\"yes\",\"aspect_ratio_image_size\":\"\",\"category_position\":\"default\",\"category_display\":\"parent_only\",\"display_categories\":\"yes\",\"display_excerpt\":\"0\",\"excerpt_length\":\"20\",\"content_next_to_image_excerpt_pos\":\"default\",\"display_date\":\"yes\",\"display_estimated_reading_time\":\"0\",\"display_author\":\"yes\",\"author_functionality\":\"default\",\"author_position\":\"multiline\",\"color_overlay\":\"\",\"color_overlay_opacity\":\"\",\"color_overlay_hover_opacity\":\"\",\"card_bg_color\":\"\",\"grid_style\":\"content_under_image\",\"hover_effect\":\"zoom\",\"post_title_overlay\":\"\",\"heading_tag\":\"default\",\"heading_tag_render\":\"default\",\"enable_gallery_lightbox\":\"0\",\"remove_links\":\"0\",\"category_style\":\"button\",\"overlay_secondary_project_image\":\"\",\"vertical_list_hover_effect\":\"none\",\"vertical_list_read_more\":\"\",\"vertical_list_read_more_style\":\"text\",\"read_more_button\":\"0\",\"animation\":\"zoom-out-reveal\",\"custom_fields\":\"\",\"custom_fields_location\":\"before_post_meta\",\"display_type\":\"grid\",\"text_content_layout\":\"top_left\"}' data-style='content_under_image' data-query='{\"post_type\":\"post\",\"posts_per_page\":\"10\",\"order\":\"DESC\",\"orderby\":\"date\",\"offset\":\"0\",\"cpt_name\":\"post\",\"custom_query_tax\":\"\",\"ignore_sticky_posts\":\"\",\"exclude_current_post\":\"\"}' data-load-more-color='black' data-load-more-text='Load More'><div class=\"nectar-post-grid-filters\" data-active-color=\"default\" data-align=\"default\" data-animation=\"zoom-out-reveal\" data-sortable=\"\"><div><a href=\"#\" class=\"active\" data-filter=\"tejiendo-saberes\" data-total-count=\"13\">Tejiendo saberes<\/a><\/div><\/div><div class=\"nectar-post-grid custom_font_size_1vw font_size_min_16px font_size_max_24px font_line_height_1-4 custom-aspect-ratio-4-3 layout-mixed category-position-before-title meta-display-large_items_only\" data-indicator=\"\" data-indicator-style=\"default\" data-indicator-text-color=\"#fff\" data-indicator-color=\"#000\" data-indicator-text=\"View\" data-masonry=\"yes\" data-columns=\"4\" data-hover-effect=\"zoom\" data-text-style=\"default\" data-border-radius=\"10px\" data-grid-item-height=\"30vh\" data-grid-spacing=\"15px\" data-text-layout=\"top_left\" data-text-color=\"dark\" data-text-hover-color=\"dark\" data-shadow-hover=\"\" data-animation=\"zoom-out-reveal\" data-animation-stagger=\"1\" data-cat-click=\"default\"  data-lock-aspect=\"\"  data-text-align=\"left\" data-card=\"\" style=\"--post-grid-border-radius:10px;\" ><div class=\"nectar-post-grid-item\" data-post-id=\"65541\" data-has-img=\"true\"> <div class=\"inner\"><div class=\"nectar-post-grid-item-bg-wrap\"><div class=\"nectar-el-parallax-scroll__wrap\"><div class=\"nectar-el-parallax-scroll\" data-scroll-animation=\"true\" data-scroll-animation-mobile=\"true\" data-scroll-animation-intensity=\"-0.75\" data-scroll-animation-lerp=\"1\"><div class=\"nectar-post-grid-item-bg-wrap-inner\"><div class=\"nectar-post-grid-item-bg\"><img decoding=\"async\" width=\"780\" height=\"482\" data-src=\"https:\/\/universomola.com\/wp-content\/uploads\/2025\/07\/The-role-of-sustainability.jpg\" class=\"nectar-post-grid-item-bg__media wp-post-image lazyload\" alt=\"\" data-srcset=\"https:\/\/universomola.com\/wp-content\/uploads\/2025\/07\/The-role-of-sustainability.jpg 780w, https:\/\/universomola.com\/wp-content\/uploads\/2025\/07\/The-role-of-sustainability-300x185.jpg 300w, https:\/\/universomola.com\/wp-content\/uploads\/2025\/07\/The-role-of-sustainability-768x475.jpg 768w, https:\/\/universomola.com\/wp-content\/uploads\/2025\/07\/The-role-of-sustainability-18x12.jpg 18w, https:\/\/universomola.com\/wp-content\/uploads\/2025\/07\/The-role-of-sustainability-200x124.jpg 200w, https:\/\/universomola.com\/wp-content\/uploads\/2025\/07\/The-role-of-sustainability-400x247.jpg 400w, https:\/\/universomola.com\/wp-content\/uploads\/2025\/07\/The-role-of-sustainability-600x371.jpg 600w\" data-sizes=\"(max-width: 780px) 100vw, 780px\" src=\"data:image\/svg+xml;base64,PHN2ZyB3aWR0aD0iMSIgaGVpZ2h0PSIxIiB4bWxucz0iaHR0cDovL3d3dy53My5vcmcvMjAwMC9zdmciPjwvc3ZnPg==\" style=\"--smush-placeholder-width: 780px; --smush-placeholder-aspect-ratio: 780\/482;\" \/><\/div><\/div><\/div><\/div><\/div><div class=\"content\"><a class=\"nectar-post-grid-link\" href=\"https:\/\/universomola.com\/en\/el-rol-del-diseno-en-la-educacion-para-la-sostenibilidad\/\" ><span class=\"screen-reader-text\">The role of design in education for sustainability<\/span><\/a><span class=\"meta-category\"><a class=\"mola-mag style-button\" href=\"https:\/\/universomola.com\/en\/category\/mola-mag\/\">MOLA Mag<\/a><\/span><div class=\"item-main\"><h3 class=\"post-heading\"><div class=\"nectar-split-heading custom-trigger\" data-align=\"default\" data-m-align=\"inherit\" data-text-effect=\"default\" data-animation-type=\"line-reveal-by-space\" data-animation-delay=\"\" data-animation-offset=\"\" data-m-rm-animation=\"\" data-stagger=\"true\"><p>The role of design in education for sustainability<\/p><\/div><\/h3><span class=\"nectar-post-grid-item__meta-wrap\"><\/span><span class=\"meta-author\"><img alt='Grafico' data-src='https:\/\/secure.gravatar.com\/avatar\/d2aedf3464ca6ab297fdd3197cfa09e39788f367a80b7f04bf4b1e84c7d218c2?s=40&#038;d=mm&#038;r=g' data-srcset='https:\/\/secure.gravatar.com\/avatar\/d2aedf3464ca6ab297fdd3197cfa09e39788f367a80b7f04bf4b1e84c7d218c2?s=80&#038;d=mm&#038;r=g 2x' class='avatar avatar-40 photo lazyload' height='40' width='40' src='data:image\/svg+xml;base64,PHN2ZyB3aWR0aD0iMSIgaGVpZ2h0PSIxIiB4bWxucz0iaHR0cDovL3d3dy53My5vcmcvMjAwMC9zdmciPjwvc3ZnPg==' style='--smush-placeholder-width: 40px; --smush-placeholder-aspect-ratio: 40\/40;' \/><span class=\"meta-author-inner\"><a href=\"https:\/\/universomola.com\/en\/author\/grafico\/\"><span class=\"meta-author-name\">Grafico<\/span><\/a><span><span class=\"meta-date\">07\/11\/2025<\/span><\/span><\/span><\/span><\/div><\/div><\/div><\/div><div class=\"nectar-post-grid-item\" data-post-id=\"65538\" data-has-img=\"true\"> <div class=\"inner\"><div class=\"nectar-post-grid-item-bg-wrap\"><div class=\"nectar-el-parallax-scroll__wrap\"><div class=\"nectar-el-parallax-scroll\" data-scroll-animation=\"true\" data-scroll-animation-mobile=\"true\" data-scroll-animation-intensity=\"-0.75\" data-scroll-animation-lerp=\"1\"><div class=\"nectar-post-grid-item-bg-wrap-inner\"><div class=\"nectar-post-grid-item-bg\"><img decoding=\"async\" width=\"780\" height=\"482\" data-src=\"https:\/\/universomola.com\/wp-content\/uploads\/2025\/07\/5.png\" class=\"nectar-post-grid-item-bg__media wp-post-image lazyload\" alt=\"\" data-srcset=\"https:\/\/universomola.com\/wp-content\/uploads\/2025\/07\/5.png 780w, https:\/\/universomola.com\/wp-content\/uploads\/2025\/07\/5-300x185.png 300w, https:\/\/universomola.com\/wp-content\/uploads\/2025\/07\/5-768x475.png 768w, https:\/\/universomola.com\/wp-content\/uploads\/2025\/07\/5-18x12.png 18w, https:\/\/universomola.com\/wp-content\/uploads\/2025\/07\/5-200x124.png 200w, https:\/\/universomola.com\/wp-content\/uploads\/2025\/07\/5-400x247.png 400w, https:\/\/universomola.com\/wp-content\/uploads\/2025\/07\/5-600x371.png 600w\" data-sizes=\"(max-width: 780px) 100vw, 780px\" src=\"data:image\/svg+xml;base64,PHN2ZyB3aWR0aD0iMSIgaGVpZ2h0PSIxIiB4bWxucz0iaHR0cDovL3d3dy53My5vcmcvMjAwMC9zdmciPjwvc3ZnPg==\" style=\"--smush-placeholder-width: 780px; --smush-placeholder-aspect-ratio: 780\/482;\" \/><\/div><\/div><\/div><\/div><\/div><div class=\"content\"><a class=\"nectar-post-grid-link\" href=\"https:\/\/universomola.com\/en\/hacer-upcycling-es-siempre-la-opcion-mas-sostenible\/\" ><span class=\"screen-reader-text\">\u00bfHacer Upcycling es SIEMPRE la opci\u00f3n m\u00e1s sostenible?<\/span><\/a><span class=\"meta-category\"><a class=\"mola-mag style-button\" href=\"https:\/\/universomola.com\/en\/category\/mola-mag\/\">MOLA Mag<\/a><\/span><div class=\"item-main\"><h3 class=\"post-heading\"><div class=\"nectar-split-heading custom-trigger\" data-align=\"default\" data-m-align=\"inherit\" data-text-effect=\"default\" data-animation-type=\"line-reveal-by-space\" data-animation-delay=\"\" data-animation-offset=\"\" data-m-rm-animation=\"\" data-stagger=\"true\"><p>\u00bfHacer Upcycling es SIEMPRE la opci\u00f3n m\u00e1s sostenible?<\/p><\/div><\/h3><span class=\"nectar-post-grid-item__meta-wrap\"><\/span><span class=\"meta-author\"><img alt='Grafico' data-src='https:\/\/secure.gravatar.com\/avatar\/d2aedf3464ca6ab297fdd3197cfa09e39788f367a80b7f04bf4b1e84c7d218c2?s=40&#038;d=mm&#038;r=g' data-srcset='https:\/\/secure.gravatar.com\/avatar\/d2aedf3464ca6ab297fdd3197cfa09e39788f367a80b7f04bf4b1e84c7d218c2?s=80&#038;d=mm&#038;r=g 2x' class='avatar avatar-40 photo lazyload' height='40' width='40' src='data:image\/svg+xml;base64,PHN2ZyB3aWR0aD0iMSIgaGVpZ2h0PSIxIiB4bWxucz0iaHR0cDovL3d3dy53My5vcmcvMjAwMC9zdmciPjwvc3ZnPg==' style='--smush-placeholder-width: 40px; --smush-placeholder-aspect-ratio: 40\/40;' \/><span class=\"meta-author-inner\"><a href=\"https:\/\/universomola.com\/en\/author\/grafico\/\"><span class=\"meta-author-name\">Grafico<\/span><\/a><span><span class=\"meta-date\">07\/11\/2025<\/span><\/span><\/span><\/span><\/div><\/div><\/div><\/div><div class=\"nectar-post-grid-item\" data-post-id=\"65467\" data-has-img=\"true\"> <div class=\"inner\"><div class=\"nectar-post-grid-item-bg-wrap\"><div class=\"nectar-el-parallax-scroll__wrap\"><div class=\"nectar-el-parallax-scroll\" data-scroll-animation=\"true\" data-scroll-animation-mobile=\"true\" data-scroll-animation-intensity=\"-0.75\" data-scroll-animation-lerp=\"1\"><div class=\"nectar-post-grid-item-bg-wrap-inner\"><div class=\"nectar-post-grid-item-bg\"><img decoding=\"async\" width=\"780\" height=\"482\" data-src=\"https:\/\/universomola.com\/wp-content\/uploads\/2025\/06\/3.png\" class=\"nectar-post-grid-item-bg__media wp-post-image lazyload\" alt=\"\" data-srcset=\"https:\/\/universomola.com\/wp-content\/uploads\/2025\/06\/3.png 780w, https:\/\/universomola.com\/wp-content\/uploads\/2025\/06\/3-300x185.png 300w, https:\/\/universomola.com\/wp-content\/uploads\/2025\/06\/3-768x475.png 768w, https:\/\/universomola.com\/wp-content\/uploads\/2025\/06\/3-18x12.png 18w, https:\/\/universomola.com\/wp-content\/uploads\/2025\/06\/3-200x124.png 200w, https:\/\/universomola.com\/wp-content\/uploads\/2025\/06\/3-400x247.png 400w, https:\/\/universomola.com\/wp-content\/uploads\/2025\/06\/3-600x371.png 600w\" data-sizes=\"(max-width: 780px) 100vw, 780px\" src=\"data:image\/svg+xml;base64,PHN2ZyB3aWR0aD0iMSIgaGVpZ2h0PSIxIiB4bWxucz0iaHR0cDovL3d3dy53My5vcmcvMjAwMC9zdmciPjwvc3ZnPg==\" style=\"--smush-placeholder-width: 780px; --smush-placeholder-aspect-ratio: 780\/482;\" \/><\/div><\/div><\/div><\/div><\/div><div class=\"content\"><a class=\"nectar-post-grid-link\" href=\"https:\/\/universomola.com\/en\/mas-alla-del-resort-wear-la-diversidad-de-latinoamerica-en-la-moda\/\" ><span class=\"screen-reader-text\">Beyond Resort Wear: Latin America\u2019s Diversity in Fashion<\/span><\/a><span class=\"meta-category\"><a class=\"mola-mag style-button\" href=\"https:\/\/universomola.com\/en\/category\/mola-mag\/\">MOLA Mag<\/a><\/span><div class=\"item-main\"><h3 class=\"post-heading\"><div class=\"nectar-split-heading custom-trigger\" data-align=\"default\" data-m-align=\"inherit\" data-text-effect=\"default\" data-animation-type=\"line-reveal-by-space\" data-animation-delay=\"\" data-animation-offset=\"\" data-m-rm-animation=\"\" data-stagger=\"true\"><p>Beyond Resort Wear: Latin America\u2019s Diversity in Fashion<\/p><\/div><\/h3><span class=\"nectar-post-grid-item__meta-wrap\"><\/span><span class=\"meta-author\"><img alt='Grafico' data-src='https:\/\/secure.gravatar.com\/avatar\/d2aedf3464ca6ab297fdd3197cfa09e39788f367a80b7f04bf4b1e84c7d218c2?s=40&#038;d=mm&#038;r=g' data-srcset='https:\/\/secure.gravatar.com\/avatar\/d2aedf3464ca6ab297fdd3197cfa09e39788f367a80b7f04bf4b1e84c7d218c2?s=80&#038;d=mm&#038;r=g 2x' class='avatar avatar-40 photo lazyload' height='40' width='40' src='data:image\/svg+xml;base64,PHN2ZyB3aWR0aD0iMSIgaGVpZ2h0PSIxIiB4bWxucz0iaHR0cDovL3d3dy53My5vcmcvMjAwMC9zdmciPjwvc3ZnPg==' style='--smush-placeholder-width: 40px; --smush-placeholder-aspect-ratio: 40\/40;' \/><span class=\"meta-author-inner\"><a href=\"https:\/\/universomola.com\/en\/author\/grafico\/\"><span class=\"meta-author-name\">Grafico<\/span><\/a><span><span class=\"meta-date\">06\/27\/2025<\/span><\/span><\/span><\/span><\/div><\/div><\/div><\/div><div class=\"nectar-post-grid-item\" data-post-id=\"65428\" data-has-img=\"true\"> <div class=\"inner\"><div class=\"nectar-post-grid-item-bg-wrap\"><div class=\"nectar-el-parallax-scroll__wrap\"><div class=\"nectar-el-parallax-scroll\" data-scroll-animation=\"true\" data-scroll-animation-mobile=\"true\" data-scroll-animation-intensity=\"-0.75\" data-scroll-animation-lerp=\"1\"><div class=\"nectar-post-grid-item-bg-wrap-inner\"><div class=\"nectar-post-grid-item-bg\"><img decoding=\"async\" width=\"780\" height=\"482\" data-src=\"https:\/\/universomola.com\/wp-content\/uploads\/2025\/06\/cadena-de-suministro.png\" class=\"nectar-post-grid-item-bg__media wp-post-image lazyload\" alt=\"\" data-srcset=\"https:\/\/universomola.com\/wp-content\/uploads\/2025\/06\/cadena-de-suministro.png 780w, https:\/\/universomola.com\/wp-content\/uploads\/2025\/06\/cadena-de-suministro-300x185.png 300w, https:\/\/universomola.com\/wp-content\/uploads\/2025\/06\/cadena-de-suministro-768x475.png 768w, https:\/\/universomola.com\/wp-content\/uploads\/2025\/06\/cadena-de-suministro-18x12.png 18w, https:\/\/universomola.com\/wp-content\/uploads\/2025\/06\/cadena-de-suministro-200x124.png 200w, https:\/\/universomola.com\/wp-content\/uploads\/2025\/06\/cadena-de-suministro-400x247.png 400w, https:\/\/universomola.com\/wp-content\/uploads\/2025\/06\/cadena-de-suministro-600x371.png 600w\" data-sizes=\"(max-width: 780px) 100vw, 780px\" src=\"data:image\/svg+xml;base64,PHN2ZyB3aWR0aD0iMSIgaGVpZ2h0PSIxIiB4bWxucz0iaHR0cDovL3d3dy53My5vcmcvMjAwMC9zdmciPjwvc3ZnPg==\" style=\"--smush-placeholder-width: 780px; --smush-placeholder-aspect-ratio: 780\/482;\" \/><\/div><\/div><\/div><\/div><\/div><div class=\"content\"><a class=\"nectar-post-grid-link\" href=\"https:\/\/universomola.com\/en\/transparencia-en-la-cadena-de-suministro-quien-hace-nuestra-ropa-en-latinoamerica\/\" ><span class=\"screen-reader-text\">Who Makes Our Clothes in Latin America? Unveiling the Truth Behind the Supply Chain<\/span><\/a><span class=\"meta-category\"><a class=\"mola-mag style-button\" href=\"https:\/\/universomola.com\/en\/category\/mola-mag\/\">MOLA Mag<\/a><\/span><div class=\"item-main\"><h3 class=\"post-heading\"><div class=\"nectar-split-heading custom-trigger\" data-align=\"default\" data-m-align=\"inherit\" data-text-effect=\"default\" data-animation-type=\"line-reveal-by-space\" data-animation-delay=\"\" data-animation-offset=\"\" data-m-rm-animation=\"\" data-stagger=\"true\"><p>Who Makes Our Clothes in Latin America? Unveiling the Truth Behind the Supply Chain<\/p><\/div><\/h3><span class=\"nectar-post-grid-item__meta-wrap\"><\/span><span class=\"meta-author\"><img alt='Grafico' data-src='https:\/\/secure.gravatar.com\/avatar\/d2aedf3464ca6ab297fdd3197cfa09e39788f367a80b7f04bf4b1e84c7d218c2?s=40&#038;d=mm&#038;r=g' data-srcset='https:\/\/secure.gravatar.com\/avatar\/d2aedf3464ca6ab297fdd3197cfa09e39788f367a80b7f04bf4b1e84c7d218c2?s=80&#038;d=mm&#038;r=g 2x' class='avatar avatar-40 photo lazyload' height='40' width='40' src='data:image\/svg+xml;base64,PHN2ZyB3aWR0aD0iMSIgaGVpZ2h0PSIxIiB4bWxucz0iaHR0cDovL3d3dy53My5vcmcvMjAwMC9zdmciPjwvc3ZnPg==' style='--smush-placeholder-width: 40px; --smush-placeholder-aspect-ratio: 40\/40;' \/><span class=\"meta-author-inner\"><a href=\"https:\/\/universomola.com\/en\/author\/grafico\/\"><span class=\"meta-author-name\">Grafico<\/span><\/a><span><span class=\"meta-date\">06\/10\/2025<\/span><\/span><\/span><\/span><\/div><\/div><\/div><\/div><div class=\"nectar-post-grid-item\" data-post-id=\"65423\" data-has-img=\"true\"> <div class=\"inner\"><div class=\"nectar-post-grid-item-bg-wrap\"><div class=\"nectar-el-parallax-scroll__wrap\"><div class=\"nectar-el-parallax-scroll\" data-scroll-animation=\"true\" data-scroll-animation-mobile=\"true\" data-scroll-animation-intensity=\"-0.75\" data-scroll-animation-lerp=\"1\"><div class=\"nectar-post-grid-item-bg-wrap-inner\"><div class=\"nectar-post-grid-item-bg\"><img decoding=\"async\" width=\"780\" height=\"482\" data-src=\"https:\/\/universomola.com\/wp-content\/uploads\/2025\/06\/biomateriales.png\" class=\"nectar-post-grid-item-bg__media wp-post-image lazyload\" alt=\"\" data-srcset=\"https:\/\/universomola.com\/wp-content\/uploads\/2025\/06\/biomateriales.png 780w, https:\/\/universomola.com\/wp-content\/uploads\/2025\/06\/biomateriales-300x185.png 300w, https:\/\/universomola.com\/wp-content\/uploads\/2025\/06\/biomateriales-768x475.png 768w, https:\/\/universomola.com\/wp-content\/uploads\/2025\/06\/biomateriales-18x12.png 18w, https:\/\/universomola.com\/wp-content\/uploads\/2025\/06\/biomateriales-200x124.png 200w, https:\/\/universomola.com\/wp-content\/uploads\/2025\/06\/biomateriales-400x247.png 400w, https:\/\/universomola.com\/wp-content\/uploads\/2025\/06\/biomateriales-600x371.png 600w\" data-sizes=\"(max-width: 780px) 100vw, 780px\" src=\"data:image\/svg+xml;base64,PHN2ZyB3aWR0aD0iMSIgaGVpZ2h0PSIxIiB4bWxucz0iaHR0cDovL3d3dy53My5vcmcvMjAwMC9zdmciPjwvc3ZnPg==\" style=\"--smush-placeholder-width: 780px; --smush-placeholder-aspect-ratio: 780\/482;\" \/><\/div><\/div><\/div><\/div><\/div><div class=\"content\"><a class=\"nectar-post-grid-link\" href=\"https:\/\/universomola.com\/en\/los-biomateriales-un-cambio-en-las-dinamicas-de-produccion-y-consumo\/\" ><span class=\"screen-reader-text\">Los biomateriales: un cambio en las din\u00e1micas de producci\u00f3n y consumo<\/span><\/a><span class=\"meta-category\"><a class=\"mola-mag style-button\" href=\"https:\/\/universomola.com\/en\/category\/mola-mag\/\">MOLA Mag<\/a><\/span><div class=\"item-main\"><h3 class=\"post-heading\"><div class=\"nectar-split-heading custom-trigger\" data-align=\"default\" data-m-align=\"inherit\" data-text-effect=\"default\" data-animation-type=\"line-reveal-by-space\" data-animation-delay=\"\" data-animation-offset=\"\" data-m-rm-animation=\"\" data-stagger=\"true\"><p>Los biomateriales: un cambio en las din\u00e1micas de producci\u00f3n y consumo<\/p><\/div><\/h3><span class=\"nectar-post-grid-item__meta-wrap\"><\/span><span class=\"meta-author\"><img alt='Grafico' data-src='https:\/\/secure.gravatar.com\/avatar\/d2aedf3464ca6ab297fdd3197cfa09e39788f367a80b7f04bf4b1e84c7d218c2?s=40&#038;d=mm&#038;r=g' data-srcset='https:\/\/secure.gravatar.com\/avatar\/d2aedf3464ca6ab297fdd3197cfa09e39788f367a80b7f04bf4b1e84c7d218c2?s=80&#038;d=mm&#038;r=g 2x' class='avatar avatar-40 photo lazyload' height='40' width='40' src='data:image\/svg+xml;base64,PHN2ZyB3aWR0aD0iMSIgaGVpZ2h0PSIxIiB4bWxucz0iaHR0cDovL3d3dy53My5vcmcvMjAwMC9zdmciPjwvc3ZnPg==' style='--smush-placeholder-width: 40px; --smush-placeholder-aspect-ratio: 40\/40;' \/><span class=\"meta-author-inner\"><a href=\"https:\/\/universomola.com\/en\/author\/grafico\/\"><span class=\"meta-author-name\">Grafico<\/span><\/a><span><span class=\"meta-date\">06\/05\/2025<\/span><\/span><\/span><\/span><\/div><\/div><\/div><\/div><div class=\"nectar-post-grid-item\" data-post-id=\"65377\" data-has-img=\"true\"> <div class=\"inner\"><div class=\"nectar-post-grid-item-bg-wrap\"><div class=\"nectar-el-parallax-scroll__wrap\"><div class=\"nectar-el-parallax-scroll\" data-scroll-animation=\"true\" data-scroll-animation-mobile=\"true\" data-scroll-animation-intensity=\"-0.75\" data-scroll-animation-lerp=\"1\"><div class=\"nectar-post-grid-item-bg-wrap-inner\"><div class=\"nectar-post-grid-item-bg\"><img decoding=\"async\" width=\"780\" height=\"482\" data-src=\"https:\/\/universomola.com\/wp-content\/uploads\/2025\/05\/hoy.png\" class=\"nectar-post-grid-item-bg__media wp-post-image lazyload\" alt=\"\" data-srcset=\"https:\/\/universomola.com\/wp-content\/uploads\/2025\/05\/hoy.png 780w, https:\/\/universomola.com\/wp-content\/uploads\/2025\/05\/hoy-300x185.png 300w, https:\/\/universomola.com\/wp-content\/uploads\/2025\/05\/hoy-768x475.png 768w, https:\/\/universomola.com\/wp-content\/uploads\/2025\/05\/hoy-18x12.png 18w, https:\/\/universomola.com\/wp-content\/uploads\/2025\/05\/hoy-200x124.png 200w, https:\/\/universomola.com\/wp-content\/uploads\/2025\/05\/hoy-400x247.png 400w, https:\/\/universomola.com\/wp-content\/uploads\/2025\/05\/hoy-600x371.png 600w\" data-sizes=\"(max-width: 780px) 100vw, 780px\" src=\"data:image\/svg+xml;base64,PHN2ZyB3aWR0aD0iMSIgaGVpZ2h0PSIxIiB4bWxucz0iaHR0cDovL3d3dy53My5vcmcvMjAwMC9zdmciPjwvc3ZnPg==\" style=\"--smush-placeholder-width: 780px; --smush-placeholder-aspect-ratio: 780\/482;\" \/><\/div><\/div><\/div><\/div><\/div><div class=\"content\"><a class=\"nectar-post-grid-link\" href=\"https:\/\/universomola.com\/en\/color-sostenibilidad-y-cultura-el-uso-del-color-como-lenguaje-en-la-moda-sostenible-latinoamericana\/\" ><span class=\"screen-reader-text\">Color, sustainability, and culture: The use of color as a language in Latin American sustainable fashion<\/span><\/a><span class=\"meta-category\"><a class=\"mola-mag style-button\" href=\"https:\/\/universomola.com\/en\/category\/mola-mag\/\">MOLA Mag<\/a><\/span><div class=\"item-main\"><h3 class=\"post-heading\"><div class=\"nectar-split-heading custom-trigger\" data-align=\"default\" data-m-align=\"inherit\" data-text-effect=\"default\" data-animation-type=\"line-reveal-by-space\" data-animation-delay=\"\" data-animation-offset=\"\" data-m-rm-animation=\"\" data-stagger=\"true\"><p>Color, sustainability, and culture: The use of color as a language in Latin American sustainable fashion<\/p><\/div><\/h3><span class=\"nectar-post-grid-item__meta-wrap\"><\/span><span class=\"meta-author\"><img alt='Grafico' data-src='https:\/\/secure.gravatar.com\/avatar\/d2aedf3464ca6ab297fdd3197cfa09e39788f367a80b7f04bf4b1e84c7d218c2?s=40&#038;d=mm&#038;r=g' data-srcset='https:\/\/secure.gravatar.com\/avatar\/d2aedf3464ca6ab297fdd3197cfa09e39788f367a80b7f04bf4b1e84c7d218c2?s=80&#038;d=mm&#038;r=g 2x' class='avatar avatar-40 photo lazyload' height='40' width='40' src='data:image\/svg+xml;base64,PHN2ZyB3aWR0aD0iMSIgaGVpZ2h0PSIxIiB4bWxucz0iaHR0cDovL3d3dy53My5vcmcvMjAwMC9zdmciPjwvc3ZnPg==' style='--smush-placeholder-width: 40px; --smush-placeholder-aspect-ratio: 40\/40;' \/><span class=\"meta-author-inner\"><a href=\"https:\/\/universomola.com\/en\/author\/grafico\/\"><span class=\"meta-author-name\">Grafico<\/span><\/a><span><span class=\"meta-date\">05\/19\/2025<\/span><\/span><\/span><\/span><\/div><\/div><\/div><\/div><div class=\"nectar-post-grid-item\" data-post-id=\"65356\" data-has-img=\"true\"> <div class=\"inner\"><div class=\"nectar-post-grid-item-bg-wrap\"><div class=\"nectar-el-parallax-scroll__wrap\"><div class=\"nectar-el-parallax-scroll\" data-scroll-animation=\"true\" data-scroll-animation-mobile=\"true\" data-scroll-animation-intensity=\"-0.75\" data-scroll-animation-lerp=\"1\"><div class=\"nectar-post-grid-item-bg-wrap-inner\"><div class=\"nectar-post-grid-item-bg\"><img decoding=\"async\" width=\"780\" height=\"482\" data-src=\"https:\/\/universomola.com\/wp-content\/uploads\/2025\/05\/0905.png\" class=\"nectar-post-grid-item-bg__media wp-post-image lazyload\" alt=\"\" data-srcset=\"https:\/\/universomola.com\/wp-content\/uploads\/2025\/05\/0905.png 780w, https:\/\/universomola.com\/wp-content\/uploads\/2025\/05\/0905-300x185.png 300w, https:\/\/universomola.com\/wp-content\/uploads\/2025\/05\/0905-768x475.png 768w, https:\/\/universomola.com\/wp-content\/uploads\/2025\/05\/0905-18x12.png 18w, https:\/\/universomola.com\/wp-content\/uploads\/2025\/05\/0905-200x124.png 200w, https:\/\/universomola.com\/wp-content\/uploads\/2025\/05\/0905-400x247.png 400w, https:\/\/universomola.com\/wp-content\/uploads\/2025\/05\/0905-600x371.png 600w\" data-sizes=\"(max-width: 780px) 100vw, 780px\" src=\"data:image\/svg+xml;base64,PHN2ZyB3aWR0aD0iMSIgaGVpZ2h0PSIxIiB4bWxucz0iaHR0cDovL3d3dy53My5vcmcvMjAwMC9zdmciPjwvc3ZnPg==\" style=\"--smush-placeholder-width: 780px; --smush-placeholder-aspect-ratio: 780\/482;\" \/><\/div><\/div><\/div><\/div><\/div><div class=\"content\"><a class=\"nectar-post-grid-link\" href=\"https:\/\/universomola.com\/en\/la-moda-como-vehiculo-de-esperanza-la-iniciativa-que-impulsa-la-independencia-de-las-mujeres-queretanas-en-mexico\/\" ><span class=\"screen-reader-text\">Fashion as a vehicle of hope: The initiative empowering women\u2019s independence in Quer\u00e9taro, Mexico<\/span><\/a><span class=\"meta-category\"><a class=\"mola-mag style-button\" href=\"https:\/\/universomola.com\/en\/category\/mola-mag\/\">MOLA Mag<\/a><\/span><div class=\"item-main\"><h3 class=\"post-heading\"><div class=\"nectar-split-heading custom-trigger\" data-align=\"default\" data-m-align=\"inherit\" data-text-effect=\"default\" data-animation-type=\"line-reveal-by-space\" data-animation-delay=\"\" data-animation-offset=\"\" data-m-rm-animation=\"\" data-stagger=\"true\"><p>Fashion as a vehicle of hope: The initiative empowering women\u2019s independence in Quer\u00e9taro, Mexico<\/p><\/div><\/h3><span class=\"nectar-post-grid-item__meta-wrap\"><\/span><span class=\"meta-author\"><img alt='Grafico' data-src='https:\/\/secure.gravatar.com\/avatar\/d2aedf3464ca6ab297fdd3197cfa09e39788f367a80b7f04bf4b1e84c7d218c2?s=40&#038;d=mm&#038;r=g' data-srcset='https:\/\/secure.gravatar.com\/avatar\/d2aedf3464ca6ab297fdd3197cfa09e39788f367a80b7f04bf4b1e84c7d218c2?s=80&#038;d=mm&#038;r=g 2x' class='avatar avatar-40 photo lazyload' height='40' width='40' src='data:image\/svg+xml;base64,PHN2ZyB3aWR0aD0iMSIgaGVpZ2h0PSIxIiB4bWxucz0iaHR0cDovL3d3dy53My5vcmcvMjAwMC9zdmciPjwvc3ZnPg==' style='--smush-placeholder-width: 40px; --smush-placeholder-aspect-ratio: 40\/40;' \/><span class=\"meta-author-inner\"><a href=\"https:\/\/universomola.com\/en\/author\/grafico\/\"><span class=\"meta-author-name\">Grafico<\/span><\/a><span><span class=\"meta-date\">05\/09\/2025<\/span><\/span><\/span><\/span><\/div><\/div><\/div><\/div><div class=\"nectar-post-grid-item\" data-post-id=\"65349\" data-has-img=\"true\"> <div class=\"inner\"><div class=\"nectar-post-grid-item-bg-wrap\"><div class=\"nectar-el-parallax-scroll__wrap\"><div class=\"nectar-el-parallax-scroll\" data-scroll-animation=\"true\" data-scroll-animation-mobile=\"true\" data-scroll-animation-intensity=\"-0.75\" data-scroll-animation-lerp=\"1\"><div class=\"nectar-post-grid-item-bg-wrap-inner\"><div class=\"nectar-post-grid-item-bg\"><img decoding=\"async\" width=\"780\" height=\"482\" data-src=\"https:\/\/universomola.com\/wp-content\/uploads\/2025\/05\/7.png\" class=\"nectar-post-grid-item-bg__media wp-post-image lazyload\" alt=\"\" data-srcset=\"https:\/\/universomola.com\/wp-content\/uploads\/2025\/05\/7.png 780w, https:\/\/universomola.com\/wp-content\/uploads\/2025\/05\/7-300x185.png 300w, https:\/\/universomola.com\/wp-content\/uploads\/2025\/05\/7-768x475.png 768w, https:\/\/universomola.com\/wp-content\/uploads\/2025\/05\/7-18x12.png 18w, https:\/\/universomola.com\/wp-content\/uploads\/2025\/05\/7-200x124.png 200w, https:\/\/universomola.com\/wp-content\/uploads\/2025\/05\/7-400x247.png 400w, https:\/\/universomola.com\/wp-content\/uploads\/2025\/05\/7-600x371.png 600w\" data-sizes=\"(max-width: 780px) 100vw, 780px\" src=\"data:image\/svg+xml;base64,PHN2ZyB3aWR0aD0iMSIgaGVpZ2h0PSIxIiB4bWxucz0iaHR0cDovL3d3dy53My5vcmcvMjAwMC9zdmciPjwvc3ZnPg==\" style=\"--smush-placeholder-width: 780px; --smush-placeholder-aspect-ratio: 780\/482;\" \/><\/div><\/div><\/div><\/div><\/div><div class=\"content\"><a class=\"nectar-post-grid-link\" href=\"https:\/\/universomola.com\/en\/tendencias-con-proposito-por-que-seguimos-vistiendonos-para-pertenecer\/\" ><span class=\"screen-reader-text\">Trends with Purpose: Why Do We Keep Dressing to Belong?<\/span><\/a><span class=\"meta-category\"><a class=\"mola-mag style-button\" href=\"https:\/\/universomola.com\/en\/category\/mola-mag\/\">MOLA Mag<\/a><\/span><div class=\"item-main\"><h3 class=\"post-heading\"><div class=\"nectar-split-heading custom-trigger\" data-align=\"default\" data-m-align=\"inherit\" data-text-effect=\"default\" data-animation-type=\"line-reveal-by-space\" data-animation-delay=\"\" data-animation-offset=\"\" data-m-rm-animation=\"\" data-stagger=\"true\"><p>Trends with Purpose: Why Do We Keep Dressing to Belong?<\/p><\/div><\/h3><span class=\"nectar-post-grid-item__meta-wrap\"><\/span><span class=\"meta-author\"><img alt='Grafico' data-src='https:\/\/secure.gravatar.com\/avatar\/d2aedf3464ca6ab297fdd3197cfa09e39788f367a80b7f04bf4b1e84c7d218c2?s=40&#038;d=mm&#038;r=g' data-srcset='https:\/\/secure.gravatar.com\/avatar\/d2aedf3464ca6ab297fdd3197cfa09e39788f367a80b7f04bf4b1e84c7d218c2?s=80&#038;d=mm&#038;r=g 2x' class='avatar avatar-40 photo lazyload' height='40' width='40' src='data:image\/svg+xml;base64,PHN2ZyB3aWR0aD0iMSIgaGVpZ2h0PSIxIiB4bWxucz0iaHR0cDovL3d3dy53My5vcmcvMjAwMC9zdmciPjwvc3ZnPg==' style='--smush-placeholder-width: 40px; --smush-placeholder-aspect-ratio: 40\/40;' \/><span class=\"meta-author-inner\"><a href=\"https:\/\/universomola.com\/en\/author\/grafico\/\"><span class=\"meta-author-name\">Grafico<\/span><\/a><span><span class=\"meta-date\">05\/07\/2025<\/span><\/span><\/span><\/span><\/div><\/div><\/div><\/div><div class=\"nectar-post-grid-item\" data-post-id=\"65315\" data-has-img=\"true\"> <div class=\"inner\"><div class=\"nectar-post-grid-item-bg-wrap\"><div class=\"nectar-el-parallax-scroll__wrap\"><div class=\"nectar-el-parallax-scroll\" data-scroll-animation=\"true\" data-scroll-animation-mobile=\"true\" data-scroll-animation-intensity=\"-0.75\" data-scroll-animation-lerp=\"1\"><div class=\"nectar-post-grid-item-bg-wrap-inner\"><div class=\"nectar-post-grid-item-bg\"><img decoding=\"async\" width=\"780\" height=\"482\" data-src=\"https:\/\/universomola.com\/wp-content\/uploads\/2025\/05\/0105m.png\" class=\"nectar-post-grid-item-bg__media wp-post-image lazyload\" alt=\"\" data-srcset=\"https:\/\/universomola.com\/wp-content\/uploads\/2025\/05\/0105m.png 780w, https:\/\/universomola.com\/wp-content\/uploads\/2025\/05\/0105m-300x185.png 300w, https:\/\/universomola.com\/wp-content\/uploads\/2025\/05\/0105m-768x475.png 768w, https:\/\/universomola.com\/wp-content\/uploads\/2025\/05\/0105m-18x12.png 18w, https:\/\/universomola.com\/wp-content\/uploads\/2025\/05\/0105m-200x124.png 200w, https:\/\/universomola.com\/wp-content\/uploads\/2025\/05\/0105m-400x247.png 400w, https:\/\/universomola.com\/wp-content\/uploads\/2025\/05\/0105m-600x371.png 600w\" data-sizes=\"(max-width: 780px) 100vw, 780px\" src=\"data:image\/svg+xml;base64,PHN2ZyB3aWR0aD0iMSIgaGVpZ2h0PSIxIiB4bWxucz0iaHR0cDovL3d3dy53My5vcmcvMjAwMC9zdmciPjwvc3ZnPg==\" style=\"--smush-placeholder-width: 780px; --smush-placeholder-aspect-ratio: 780\/482;\" \/><\/div><\/div><\/div><\/div><\/div><div class=\"content\"><a class=\"nectar-post-grid-link\" href=\"https:\/\/universomola.com\/en\/comunidades-textiles-en-latinoamerica-enfrentan-el-artesanal-washing-para-preservar-su-autenticidad-cultural\/\" ><span class=\"screen-reader-text\">Textile communities in Latin America are confronting \u201cartisanal washing\u201d to preserve their cultural authenticity.<\/span><\/a><span class=\"meta-category\"><a class=\"mola-mag style-button\" href=\"https:\/\/universomola.com\/en\/category\/mola-mag\/\">MOLA Mag<\/a><\/span><div class=\"item-main\"><h3 class=\"post-heading\"><div class=\"nectar-split-heading custom-trigger\" data-align=\"default\" data-m-align=\"inherit\" data-text-effect=\"default\" data-animation-type=\"line-reveal-by-space\" data-animation-delay=\"\" data-animation-offset=\"\" data-m-rm-animation=\"\" data-stagger=\"true\"><p>Textile communities in Latin America are confronting \u201cartisanal washing\u201d to preserve their cultural authenticity.<\/p><\/div><\/h3><span class=\"nectar-post-grid-item__meta-wrap\"><\/span><span class=\"meta-author\"><img alt='Grafico' data-src='https:\/\/secure.gravatar.com\/avatar\/d2aedf3464ca6ab297fdd3197cfa09e39788f367a80b7f04bf4b1e84c7d218c2?s=40&#038;d=mm&#038;r=g' data-srcset='https:\/\/secure.gravatar.com\/avatar\/d2aedf3464ca6ab297fdd3197cfa09e39788f367a80b7f04bf4b1e84c7d218c2?s=80&#038;d=mm&#038;r=g 2x' class='avatar avatar-40 photo lazyload' height='40' width='40' src='data:image\/svg+xml;base64,PHN2ZyB3aWR0aD0iMSIgaGVpZ2h0PSIxIiB4bWxucz0iaHR0cDovL3d3dy53My5vcmcvMjAwMC9zdmciPjwvc3ZnPg==' style='--smush-placeholder-width: 40px; --smush-placeholder-aspect-ratio: 40\/40;' \/><span class=\"meta-author-inner\"><a href=\"https:\/\/universomola.com\/en\/author\/grafico\/\"><span class=\"meta-author-name\">Grafico<\/span><\/a><span><span class=\"meta-date\">05\/01\/2025<\/span><\/span><\/span><\/span><\/div><\/div><\/div><\/div><div class=\"nectar-post-grid-item\" data-post-id=\"65066\" data-has-img=\"true\"> <div class=\"inner\"><div class=\"nectar-post-grid-item-bg-wrap\"><div class=\"nectar-el-parallax-scroll__wrap\"><div class=\"nectar-el-parallax-scroll\" data-scroll-animation=\"true\" data-scroll-animation-mobile=\"true\" data-scroll-animation-intensity=\"-0.75\" data-scroll-animation-lerp=\"1\"><div class=\"nectar-post-grid-item-bg-wrap-inner\"><div class=\"nectar-post-grid-item-bg\"><img decoding=\"async\" width=\"780\" height=\"482\" data-src=\"https:\/\/universomola.com\/wp-content\/uploads\/2025\/03\/6.png\" class=\"nectar-post-grid-item-bg__media wp-post-image lazyload\" alt=\"\" data-srcset=\"https:\/\/universomola.com\/wp-content\/uploads\/2025\/03\/6.png 780w, https:\/\/universomola.com\/wp-content\/uploads\/2025\/03\/6-300x185.png 300w, https:\/\/universomola.com\/wp-content\/uploads\/2025\/03\/6-768x475.png 768w, https:\/\/universomola.com\/wp-content\/uploads\/2025\/03\/6-18x12.png 18w, https:\/\/universomola.com\/wp-content\/uploads\/2025\/03\/6-200x124.png 200w, https:\/\/universomola.com\/wp-content\/uploads\/2025\/03\/6-400x247.png 400w, https:\/\/universomola.com\/wp-content\/uploads\/2025\/03\/6-600x371.png 600w\" data-sizes=\"(max-width: 780px) 100vw, 780px\" src=\"data:image\/svg+xml;base64,PHN2ZyB3aWR0aD0iMSIgaGVpZ2h0PSIxIiB4bWxucz0iaHR0cDovL3d3dy53My5vcmcvMjAwMC9zdmciPjwvc3ZnPg==\" style=\"--smush-placeholder-width: 780px; --smush-placeholder-aspect-ratio: 780\/482;\" \/><\/div><\/div><\/div><\/div><\/div><div class=\"content\"><a class=\"nectar-post-grid-link\" href=\"https:\/\/universomola.com\/en\/el-impacto-social-de-la-moda-sostenible-en-latinoamerica-empleo-y-empoderamiento-comunitario\/\" ><span class=\"screen-reader-text\">The social impact of sustainable fashion in Latin America: employment and community empowerment<\/span><\/a><span class=\"meta-category\"><a class=\"mola-mag style-button\" href=\"https:\/\/universomola.com\/en\/category\/mola-mag\/\">MOLA Mag<\/a><\/span><div class=\"item-main\"><h3 class=\"post-heading\"><div class=\"nectar-split-heading custom-trigger\" data-align=\"default\" data-m-align=\"inherit\" data-text-effect=\"default\" data-animation-type=\"line-reveal-by-space\" data-animation-delay=\"\" data-animation-offset=\"\" data-m-rm-animation=\"\" data-stagger=\"true\"><p>The social impact of sustainable fashion in Latin America: employment and community empowerment<\/p><\/div><\/h3><span class=\"nectar-post-grid-item__meta-wrap\"><\/span><span class=\"meta-author\"><img alt='Grafico' data-src='https:\/\/secure.gravatar.com\/avatar\/d2aedf3464ca6ab297fdd3197cfa09e39788f367a80b7f04bf4b1e84c7d218c2?s=40&#038;d=mm&#038;r=g' data-srcset='https:\/\/secure.gravatar.com\/avatar\/d2aedf3464ca6ab297fdd3197cfa09e39788f367a80b7f04bf4b1e84c7d218c2?s=80&#038;d=mm&#038;r=g 2x' class='avatar avatar-40 photo lazyload' height='40' width='40' src='data:image\/svg+xml;base64,PHN2ZyB3aWR0aD0iMSIgaGVpZ2h0PSIxIiB4bWxucz0iaHR0cDovL3d3dy53My5vcmcvMjAwMC9zdmciPjwvc3ZnPg==' style='--smush-placeholder-width: 40px; --smush-placeholder-aspect-ratio: 40\/40;' \/><span class=\"meta-author-inner\"><a href=\"https:\/\/universomola.com\/en\/author\/grafico\/\"><span class=\"meta-author-name\">Grafico<\/span><\/a><span><span class=\"meta-date\">03\/11\/2025<\/span><\/span><\/span><\/span><\/div><\/div><\/div><\/div><\/div><\/div>\n\t\t\t<\/div> \n\t\t<\/div>\n\t<\/div> \n<\/div><\/div>","protected":false},"excerpt":{"rendered":"Por Cristina Rivas\u00a0 &nbsp; La moda sostenible est\u00e1 transformando el panorama laboral y social en Latinoam\u00e9rica. M\u00e1s all\u00e1 de una tendencia ecol\u00f3gica, se ha convertido en una herramienta de desarrollo...","protected":false},"author":7,"featured_media":0,"parent":0,"menu_order":0,"comment_status":"closed","ping_status":"closed","template":"","meta":{"footnotes":""},"class_list":["post-67556","page","type-page","status-publish"],"_links":{"self":[{"href":"https:\/\/universomola.com\/en\/wp-json\/wp\/v2\/pages\/67556","targetHints":{"allow":["GET"]}}],"collection":[{"href":"https:\/\/universomola.com\/en\/wp-json\/wp\/v2\/pages"}],"about":[{"href":"https:\/\/universomola.com\/en\/wp-json\/wp\/v2\/types\/page"}],"author":[{"embeddable":true,"href":"https:\/\/universomola.com\/en\/wp-json\/wp\/v2\/users\/7"}],"replies":[{"embeddable":true,"href":"https:\/\/universomola.com\/en\/wp-json\/wp\/v2\/comments?post=67556"}],"version-history":[{"count":3,"href":"https:\/\/universomola.com\/en\/wp-json\/wp\/v2\/pages\/67556\/revisions"}],"predecessor-version":[{"id":67568,"href":"https:\/\/universomola.com\/en\/wp-json\/wp\/v2\/pages\/67556\/revisions\/67568"}],"wp:attachment":[{"href":"https:\/\/universomola.com\/en\/wp-json\/wp\/v2\/media?parent=67556"}],"curies":[{"name":"wp","href":"https:\/\/api.w.org\/{rel}","templated":true}]}}